{"id":78,"date":"2015-02-13T14:25:20","date_gmt":"2015-02-13T13:25:20","guid":{"rendered":"http:\/\/www.stages-gestalt.fr\/?page_id=78"},"modified":"2025-01-26T12:44:46","modified_gmt":"2025-01-26T11:44:46","slug":"cout-des-stages-et-hebergement","status":"publish","type":"page","link":"http:\/\/www.stages-gestalt.fr\/?page_id=78","title":{"rendered":"Co\u00fbt des stages et h\u00e9bergement"},"content":{"rendered":"<p><span style=\"color: #003366;\"><a href=\"#conscience\"><em>Stage VOYAGE AU-DELA DE LA CONSCIENCE<\/em><\/a><\/span><\/p>\n<p><a style=\"padding-top: 30px;\" name=\"conscience\"><\/a><\/p>\n<p><span style=\"color: #000080;\"><strong>Lieu de stage pour <em>VOYAGE AU-DELA DE LA CONSCIENCE<\/em> :<\/strong><\/span><\/p>\n<p><span style=\"color: #000080;\"><strong><span style=\"color: #339966;\"><em>Dans les C\u00e9vennes<\/em><\/span><\/strong> \u00e0 S\u00e9n\u00e9chas, dans le Gard. Il s&rsquo;ag\u00eet d&rsquo;un g\u00eete en pleine nature.<\/span><\/p>\n<p><span style=\"color: #000080;\"><strong>Co\u00fbt de l\u2019h\u00e9bergement&#8230;<\/strong><\/span><\/p>\n<p><span style=\"color: #000080;\">&#8211; environ 20\u20ac par nuit et par personne<\/span><span style=\"color: #000080;\"><br \/>\n(les prix s&rsquo;entendent sans linge de lit).<\/span><\/p>\n<p><span style=\"color: #000080;\"><strong>Plus les frais des courses<\/strong> que vous apporterez ou ferez sur place, car tous les stages sont auto-g\u00e9r\u00e9s, nous pr\u00e9parerons les repas ensemble.<\/span><\/p>\n<p><span style=\"color: #000080;\"><strong>Prix des stages : <\/strong><\/span><span style=\"color: #000080;\">520\u20ac chacun.<strong><br \/>\n<\/strong>(Contactez-nous pour d\u2019\u00e9ventuelles facilit\u00e9s de paiement&#8230;). <\/span><\/p>\n<p><span style=\"color: #000080;\"> D\u00e8s r\u00e9ception de votre inscription, nous vous demanderons un ch\u00e8que d&rsquo;arrhes de 100\u20ac. Les arrhes ne sont encaiss\u00e9s qu&rsquo;en cas de d\u00e9sistement moins d&rsquo;un mois avant la date pr\u00e9vue du premier jour de stage. <\/span><\/p>\n<p><span style=\"color: #000080;\"><strong>Horaires&#8230;<\/strong><\/span><\/p>\n<p><span style=\"color: #000080;\">Premier jour, d\u00e9but \u00e0 14h00 \/ dernier jour, fin \u00e0 16h00.<\/span><\/p>\n<p><span style=\"color: #000080;\"> Chaque jour, il y aura du temps apr\u00e8s les repas du midi pour la sieste, les balades, discussions, lectures, etc.<\/span><\/p>\n","protected":false},"excerpt":{"rendered":"<p>Stage VOYAGE AU-DELA DE LA CONSCIENCE Lieu de stage pour VOYAGE AU-DELA DE LA CONSCIENCE : Dans les C\u00e9vennes \u00e0 S\u00e9n\u00e9chas, dans le Gard. Il s&rsquo;ag\u00eet d&rsquo;un g\u00eete en pleine [&hellip;]<\/p>\n","protected":false},"author":1,"featured_media":0,"parent":0,"menu_order":0,"comment_status":"closed","ping_status":"closed","template":"","meta":{"footnotes":""},"class_list":["post-78","page","type-page","status-publish","hentry"],"_links":{"self":[{"href":"http:\/\/www.stages-gestalt.fr\/index.php?rest_route=\/wp\/v2\/pages\/78","targetHints":{"allow":["GET"]}}],"collection":[{"href":"http:\/\/www.stages-gestalt.fr\/index.php?rest_route=\/wp\/v2\/pages"}],"about":[{"href":"http:\/\/www.stages-gestalt.fr\/index.php?rest_route=\/wp\/v2\/types\/page"}],"author":[{"embeddable":true,"href":"http:\/\/www.stages-gestalt.fr\/index.php?rest_route=\/wp\/v2\/users\/1"}],"replies":[{"embeddable":true,"href":"http:\/\/www.stages-gestalt.fr\/index.php?rest_route=%2Fwp%2Fv2%2Fcomments&post=78"}],"version-history":[{"count":23,"href":"http:\/\/www.stages-gestalt.fr\/index.php?rest_route=\/wp\/v2\/pages\/78\/revisions"}],"predecessor-version":[{"id":527,"href":"http:\/\/www.stages-gestalt.fr\/index.php?rest_route=\/wp\/v2\/pages\/78\/revisions\/527"}],"wp:attachment":[{"href":"http:\/\/www.stages-gestalt.fr\/index.php?rest_route=%2Fwp%2Fv2%2Fmedia&parent=78"}],"curies":[{"name":"wp","href":"https:\/\/api.w.org\/{rel}","templated":true}]}}