{"id":467,"date":"2025-01-25T19:03:51","date_gmt":"2025-01-25T18:03:51","guid":{"rendered":"http:\/\/www.stages-gestalt.fr\/?post_type=tribe_events&#038;p=467"},"modified":"2025-01-26T12:46:03","modified_gmt":"2025-01-26T11:46:03","slug":"voyage-au-dela-de-la-conscience-octobre-25","status":"publish","type":"tribe_events","link":"http:\/\/www.stages-gestalt.fr\/?tribe_events=voyage-au-dela-de-la-conscience-octobre-25","title":{"rendered":"Voyage au-del\u00e0 de la conscience (octobre 25)"},"content":{"rendered":"<p><a href=\"http:\/\/www.stages-gestalt.fr\/wp-content\/uploads\/2015\/02\/mondeinter.jpg\"><img loading=\"lazy\" decoding=\"async\" class=\"aligncenter size-medium wp-image-74\" src=\"http:\/\/www.stages-gestalt.fr\/wp-content\/uploads\/2015\/02\/mondeinter-300x220.jpg\" alt=\"mondeinter\" width=\"300\" height=\"220\" srcset=\"http:\/\/www.stages-gestalt.fr\/wp-content\/uploads\/2015\/02\/mondeinter-300x220.jpg 300w, http:\/\/www.stages-gestalt.fr\/wp-content\/uploads\/2015\/02\/mondeinter-624x458.jpg 624w, http:\/\/www.stages-gestalt.fr\/wp-content\/uploads\/2015\/02\/mondeinter.jpg 830w\" sizes=\"auto, (max-width: 300px) 100vw, 300px\" \/><\/a><br \/>\n<strong>Voyager&#8230;<\/strong><br \/>\nSur les ailes de votre souffle qui se fera passerelle entre corps et esprit, aid\u00e9 par le son du tambour et de percussions, vous irez \u00e0 la d\u00e9couverte de votre monde int\u00e9rieur pour y trouver des tr\u00e9sors insoup\u00e7onn\u00e9s \u2013 les v\u00f4tres. Pourront alors \u00e9merger souvenirs et\/ou \u00e9motions enfouis, ou bien vous d\u00e9couvrirez tout simplement une nouvelle dimension inexplor\u00e9e de votre conscience.<\/p>\n<p><strong>Notre leitmotiv&#8230;<\/strong><br \/>\nLaisser \u00e9merger, se laisser \u00eatre et exprimer librement ! (Re-)d\u00e9couvrir votre monde int\u00e9rieur, au-del\u00e0 des freins de la conscience stimulera votre cr\u00e9ativit\u00e9 et vous apportera \u00e9panouissement et unit\u00e9 d\u2019\u00eatre.<\/p>\n<p><strong>Le cadre&#8230;<\/strong><br \/>\nCe stage se d\u00e9roulera dans un cadre s\u00e9curisant, chaleureux et respectueux des r\u00e8gles d\u00e9ontologiques et \u00e9thiques de la th\u00e9rapie de groupe. Vous vous sentirez rapidement en confiance, soutenu et compris.<\/p>\n<p><strong>Au menu&#8230;<\/strong><br \/>\nLe programme de ces quatre jours propose des temps d\u2019exp\u00e9rimentation individuelle, alternant avec des temps en commun et de la mise au travail th\u00e9rapeutique. La nature sera notre alli\u00e9e pr\u00e9cieuse et nourrissante.<\/p>\n<p><em>\u201cChacune de nos cellules porte le souvenir de la cr\u00e9ation de l\u2019univers\u201d<\/em><br \/>\n<em>Hubert Reeves<\/em><\/p>\n<p><a title=\"Co\u00fbt des stages et h\u00e9bergement\" href=\"http:\/\/www.stages-gestalt.fr\/?page_id=78\">Conditions financi\u00e8res et h\u00e9bergement <\/a><\/p>\n<p>Inscriptions : <a href=\"mailto:manon@stages-gestalt.fr\">manon@stages-gestalt.fr<\/a><\/p>\n<p>&nbsp;<\/p>\n","protected":false},"excerpt":{"rendered":"<p>Voyager&#8230; Sur les ailes de votre souffle qui se fera passerelle entre corps et esprit, aid\u00e9 par le son du tambour et de percussions, vous irez \u00e0 la d\u00e9couverte de [&hellip;]<\/p>\n","protected":false},"author":2,"featured_media":0,"comment_status":"closed","ping_status":"closed","template":"","meta":{"_tribe_events_status":"","_tribe_events_status_reason":"","footnotes":""},"tags":[],"tribe_events_cat":[],"class_list":["post-467","tribe_events","type-tribe_events","status-publish","hentry"],"_links":{"self":[{"href":"http:\/\/www.stages-gestalt.fr\/index.php?rest_route=\/wp\/v2\/tribe_events\/467","targetHints":{"allow":["GET"]}}],"collection":[{"href":"http:\/\/www.stages-gestalt.fr\/index.php?rest_route=\/wp\/v2\/tribe_events"}],"about":[{"href":"http:\/\/www.stages-gestalt.fr\/index.php?rest_route=\/wp\/v2\/types\/tribe_events"}],"author":[{"embeddable":true,"href":"http:\/\/www.stages-gestalt.fr\/index.php?rest_route=\/wp\/v2\/users\/2"}],"replies":[{"embeddable":true,"href":"http:\/\/www.stages-gestalt.fr\/index.php?rest_route=%2Fwp%2Fv2%2Fcomments&post=467"}],"version-history":[{"count":2,"href":"http:\/\/www.stages-gestalt.fr\/index.php?rest_route=\/wp\/v2\/tribe_events\/467\/revisions"}],"predecessor-version":[{"id":472,"href":"http:\/\/www.stages-gestalt.fr\/index.php?rest_route=\/wp\/v2\/tribe_events\/467\/revisions\/472"}],"wp:attachment":[{"href":"http:\/\/www.stages-gestalt.fr\/index.php?rest_route=%2Fwp%2Fv2%2Fmedia&parent=467"}],"wp:term":[{"taxonomy":"post_tag","embeddable":true,"href":"http:\/\/www.stages-gestalt.fr\/index.php?rest_route=%2Fwp%2Fv2%2Ftags&post=467"},{"taxonomy":"tribe_events_cat","embeddable":true,"href":"http:\/\/www.stages-gestalt.fr\/index.php?rest_route=%2Fwp%2Fv2%2Ftribe_events_cat&post=467"}],"curies":[{"name":"wp","href":"https:\/\/api.w.org\/{rel}","templated":true}]}}